{"id":29410,"date":"2023-10-18T08:05:21","date_gmt":"2023-10-18T07:05:21","guid":{"rendered":"https:\/\/www.cenata.de\/?post_type=tribe_events&#038;p=29410"},"modified":"2023-10-20T08:18:32","modified_gmt":"2023-10-20T07:18:32","slug":"7-tuebinger-symposium-praenataldiagnostik-und-nipt","status":"publish","type":"tribe_events","link":"https:\/\/www.cenata.de\/en\/event\/7-tuebinger-symposium-praenataldiagnostik-und-nipt\/","title":{"rendered":"7. T\u00fcbinger Symposium Pr\u00e4nataldiagnostik und NIPT"},"content":{"rendered":"<div class=\"fusion-text fusion-text-2\">\n<p><strong>Im September 2013 wurde der Harmony\u00ae Test erstmalig in Deutschland eingef\u00fchrt. Mittlerweile ist der Harmony\u00ae Test zu einem festen Bestandteil der Pr\u00e4natalmedizin in Deutschland geworden. Auf unserem 7. T\u00fcbinger Symposium f\u00fcr Pr\u00e4nataldiagnostik und NIPT werden namhafte Sprecher \u00fcber Aktuelles zum Thema NIPT und anderen Aspekten der Pr\u00e4nataldiagnostik referieren.\u00a0<\/strong><\/p>\n<p>Erfahren Sie mehr \u00fcber die neuen M\u00f6glichkeiten nicht-invasiver Tests sowie die pr\u00e4konzeptionelle Genetik als spannende Themenfelder im rasant fortschreitenden Bereich der pr\u00e4natalen Diagnostik. Wir freuen uns darauf, Sie am 27. Januar 2024 bei unserer Online-Veranstaltung begr\u00fc\u00dfen zu d\u00fcrfen. <a href=\"https:\/\/www.medizinische-fortbildungen.info\/event.php?vnr=1284-10a\" target=\"_blank\" rel=\"noopener\">Registrieren Sie sich hier<\/a>.<\/p>\n<p>Nach erfolgter Anmeldung erhalten Sie rechtzeitig vor Beginn die Zugangsdaten per E-Mail.<\/p>\n<p><strong>F\u00fcr die Teilnahme erhalten Sie 4 Fortbildungspunkte.<\/strong><\/p>\n<\/div>\n<div class=\"fusion-title title fusion-title-2 fusion-sep-none fusion-title-text fusion-title-size-three\">\n<h3 class=\"fusion-title-heading title-heading-left fusion-responsive-typography-calculated\">Programm \u2013 Samstag, 27. Januar 2024<\/h3>\n<\/div>\n<div class=\"table-2\">\n<table width=\"100%\">\n<thead>\n<tr>\n<th align=\"left\">Uhrzeit<\/th>\n<th align=\"left\">Thema<\/th>\n<th align=\"left\">Referent*in<\/th>\n<\/tr>\n<\/thead>\n<tbody>\n<tr>\n<td align=\"left\">10:00<\/td>\n<td align=\"left\">Einf\u00fchrung<\/td>\n<td align=\"left\">Dr. med. Kai L\u00fcthgens<br \/>\nT\u00fcbingen<\/td>\n<\/tr>\n<tr>\n<td align=\"left\">10:15<\/td>\n<td align=\"left\">Stellenwert der NT-Messung in Zeiten von NIPT<\/td>\n<td align=\"left\">Prof. Dr. med. Karl Oliver Kagan<br \/>\nT\u00fcbingen<\/td>\n<\/tr>\n<tr>\n<td align=\"left\">11:00<\/td>\n<td align=\"left\">Auff\u00e4lliger NIPT \u2013 was nun? Ursachen und Management<\/td>\n<td align=\"left\">Dr. med. Cornelie M\u00fcller-Hofstede<br \/>\nM\u00fcnster<\/td>\n<\/tr>\n<tr>\n<td align=\"left\">11:45<\/td>\n<td align=\"left\">-Pause-<\/td>\n<td align=\"left\"><\/td>\n<\/tr>\n<tr>\n<td align=\"left\">12:00<\/td>\n<td align=\"left\">Exkurs: Uterustransplantation- der lange Weg von der Idee zur Realit\u00e4t<\/td>\n<td align=\"left\">Prof. Dr. med. Katharina Rall<br \/>\nT\u00fcbingen<\/td>\n<\/tr>\n<tr>\n<td align=\"left\">12:45<\/td>\n<td align=\"left\">Neueste Entwicklungen im Bereich der nicht-invasiven pr\u00e4natalen Exom-Diagnostik<\/td>\n<td align=\"left\">Dr. rer. nat. Dr. med. Saskia Biskup<br \/>\nT\u00fcbingen<\/td>\n<\/tr>\n<tr>\n<td align=\"left\">13:30<\/td>\n<td align=\"left\">Voraussichtliches Ende der Veranstaltung<\/td>\n<td align=\"left\"><\/td>\n<\/tr>\n<\/tbody>\n<\/table>\n<\/div>\n<div class=\"fusion-text fusion-text-3\">\n<p>Weitere Informationen zum Symposium, sowie zur Anmeldung finden Sie in unserem <a href=\"https:\/\/www.humangenetik-tuebingen.de\/web\/wp-content\/uploads\/2023\/10\/2024_NIPT_Symposium_Flyer.pdf\" target=\"_blank\" rel=\"noopener\">Flyer<\/a>.<\/p>\n<\/div>\n","protected":false},"excerpt":{"rendered":"<p>Im September 2013 wurde der Harmony\u00ae Test erstmalig in Deutschland eingef\u00fchrt. Mittlerweile ist der Harmony\u00ae Test zu einem festen Bestandteil der Pr\u00e4natalmedizin in Deutschland geworden. Auf unserem 7. T\u00fcbinger Symposium f\u00fcr Pr\u00e4nataldiagnostik und NIPT werden namhafte Sprecher \u00fcber Aktuelles zum Thema NIPT und anderen Aspekten der Pr\u00e4nataldiagnostik referieren.\u00a0 Erfahren Sie mehr \u00fcber die neuen M\u00f6glichkeiten [&hellip;]<\/p>\n","protected":false},"author":7,"featured_media":0,"template":"","meta":{"site-sidebar-layout":"default","site-content-layout":"","ast-site-content-layout":"default","site-content-style":"default","site-sidebar-style":"default","ast-global-header-display":"","ast-banner-title-visibility":"","ast-main-header-display":"","ast-hfb-above-header-display":"","ast-hfb-below-header-display":"","ast-hfb-mobile-header-display":"","site-post-title":"","ast-breadcrumbs-content":"","ast-featured-img":"","footer-sml-layout":"","ast-disable-related-posts":"","theme-transparent-header-meta":"default","adv-header-id-meta":"","stick-header-meta":"default","header-above-stick-meta":"","header-main-stick-meta":"","header-below-stick-meta":"","astra-migrate-meta-layouts":"set","ast-page-background-enabled":"default","ast-page-background-meta":{"desktop":{"background-color":"var(--ast-global-color-4)","background-image":"","background-repeat":"repeat","background-position":"center center","background-size":"auto","background-attachment":"scroll","background-type":"","background-media":"","overlay-type":"","overlay-color":"","overlay-opacity":"","overlay-gradient":""},"tablet":{"background-color":"","background-image":"","background-repeat":"repeat","background-position":"center center","background-size":"auto","background-attachment":"scroll","background-type":"","background-media":"","overlay-type":"","overlay-color":"","overlay-opacity":"","overlay-gradient":""},"mobile":{"background-color":"","background-image":"","background-repeat":"repeat","background-position":"center center","background-size":"auto","background-attachment":"scroll","background-type":"","background-media":"","overlay-type":"","overlay-color":"","overlay-opacity":"","overlay-gradient":""}},"ast-content-background-meta":{"desktop":{"background-color":"var(--ast-global-color-5)","background-image":"","background-repeat":"repeat","background-position":"center center","background-size":"auto","background-attachment":"scroll","background-type":"","background-media":"","overlay-type":"","overlay-color":"","overlay-opacity":"","overlay-gradient":""},"tablet":{"background-color":"var(--ast-global-color-5)","background-image":"","background-repeat":"repeat","background-position":"center center","background-size":"auto","background-attachment":"scroll","background-type":"","background-media":"","overlay-type":"","overlay-color":"","overlay-opacity":"","overlay-gradient":""},"mobile":{"background-color":"var(--ast-global-color-5)","background-image":"","background-repeat":"repeat","background-position":"center center","background-size":"auto","background-attachment":"scroll","background-type":"","background-media":"","overlay-type":"","overlay-color":"","overlay-opacity":"","overlay-gradient":""}},"_tribe_events_status":"","_tribe_events_status_reason":"","footnotes":""},"tags":[],"tribe_events_cat":[35],"class_list":["post-29410","tribe_events","type-tribe_events","status-publish","hentry","tribe_events_cat-kongresse","cat_kongresse"],"_links":{"self":[{"href":"https:\/\/www.cenata.de\/en\/wp-json\/wp\/v2\/tribe_events\/29410","targetHints":{"allow":["GET"]}}],"collection":[{"href":"https:\/\/www.cenata.de\/en\/wp-json\/wp\/v2\/tribe_events"}],"about":[{"href":"https:\/\/www.cenata.de\/en\/wp-json\/wp\/v2\/types\/tribe_events"}],"author":[{"embeddable":true,"href":"https:\/\/www.cenata.de\/en\/wp-json\/wp\/v2\/users\/7"}],"version-history":[{"count":2,"href":"https:\/\/www.cenata.de\/en\/wp-json\/wp\/v2\/tribe_events\/29410\/revisions"}],"predecessor-version":[{"id":29477,"href":"https:\/\/www.cenata.de\/en\/wp-json\/wp\/v2\/tribe_events\/29410\/revisions\/29477"}],"wp:attachment":[{"href":"https:\/\/www.cenata.de\/en\/wp-json\/wp\/v2\/media?parent=29410"}],"wp:term":[{"taxonomy":"post_tag","embeddable":true,"href":"https:\/\/www.cenata.de\/en\/wp-json\/wp\/v2\/tags?post=29410"},{"taxonomy":"tribe_events_cat","embeddable":true,"href":"https:\/\/www.cenata.de\/en\/wp-json\/wp\/v2\/tribe_events_cat?post=29410"}],"curies":[{"name":"wp","href":"https:\/\/api.w.org\/{rel}","templated":true}]}}